{"id":4690,"date":"2023-12-30T00:23:16","date_gmt":"2023-12-30T00:23:16","guid":{"rendered":"https:\/\/www.mouranicriminologie.com\/?page_id=4690"},"modified":"2023-12-30T23:43:02","modified_gmt":"2023-12-30T23:43:02","slug":"activites","status":"publish","type":"page","link":"https:\/\/www.mouranicriminologie.com\/en\/activites\/","title":{"rendered":"Activities"},"content":{"rendered":"\n<div class=\"wp-block-cover alignfull wp-duotone-unset-1\" style=\"min-height:735px;aspect-ratio:unset;\"><span aria-hidden=\"true\" class=\"wp-block-cover__background has-background-dim-70 has-background-dim wp-block-cover__gradient-background has-background-gradient\" style=\"background:linear-gradient(0deg,rgb(18,20,32) 0%,rgb(7,6,40) 100%)\"><\/span><video class=\"wp-block-cover__video-background intrinsic-ignore\" autoplay muted loop playsinline src=\"https:\/\/www.mouranicriminologie.com\/wp-content\/uploads\/2023\/12\/pexels-pavel-danilyuk-8716591-720p.mp4\" data-object-fit=\"cover\"><\/video><div class=\"wp-block-cover__inner-container is-layout-constrained wp-block-cover-is-layout-constrained\">\n<div class=\"wp-block-essential-blocks-advanced-heading\"><div class=\"eb-parent-wrapper eb-parent-eb-advance-heading-6slt059 \"><div class=\"eb-advance-heading-wrapper eb-advance-heading-6slt059 button-1\" data-id=\"eb-advance-heading-6slt059\"><h2 class=\"eb-ah-title\">Activit\u00e9s<\/h2><\/div><\/div><\/div>\n<\/div><\/div>\n\n\n\n<div class=\"wp-block-essential-blocks-advanced-tabs alignwide\"><div class=\"eb-parent-wrapper eb-parent-eb-advanced-tabs-l3lpx \"><div class=\"eb-advanced-tabs-l3lpx eb-advanced-tabs-wrapper horizontal\"><div class=\"eb-tabs-nav\"><ul class=\"tabTitles\" data-tabs-ul-id=\"eb-advanced-tabs-l3lpx\"><li data-title-tab-id=\"1\" data-title-custom-id=\"\" class=\"active\"><span class=\"tabIcon fas fa-bullhorn\"><\/span><h6 class=\"tab-title-text\">Colloques et conf\u00e9rences<\/h6><\/li><li data-title-tab-id=\"2\" data-title-custom-id=\"\" class=\"inactive\"><span class=\"tabIcon fas fa-graduation-cap\"><\/span><h6 class=\"tab-title-text\">Formations et ateliers de prevention<\/h6><\/li><li data-title-tab-id=\"4\" class=\"inactive\"><span class=\"tabIcon fas fa-globe\"><\/span><h6 class=\"tab-title-text\">Commissions nationales et missions internationales<\/h6><\/li><li data-title-tab-id=\"3\" data-title-custom-id=\"\" class=\"inactive\"><span class=\"tabIcon far fa-newspaper\"><\/span><h6 class=\"tab-title-text\">Promotions<\/h6><\/li><\/ul><\/div><div class=\"eb-tabs-contents\">\n<div class=\"eb-tab-wrapper\" data-tab-id=\"1\" data-tab-parent-id=\"eb-advanced-tabs-l3lpx\"><div class=\"eb-tab-inner\"><div class=\"root-eb-post-grid-v1zyx wp-block-essential-blocks-post-grid\">\n    <div class=\"eb-parent-wrapper eb-parent-eb-post-grid-v1zyx \">\n        <div class=\"eb-post-grid-v1zyx style-3  eb-post-grid-wrapper\"\n            data-id=\"eb-post-grid-v1zyx\"\n            data-querydata=\"{&quot;source&quot;:&quot;post&quot;,&quot;sourceIndex&quot;:0,&quot;rest_base&quot;:&quot;posts&quot;,&quot;rest_namespace&quot;:&quot;wp\\\/v2&quot;,&quot;author&quot;:&quot;&quot;,&quot;taxonomies&quot;:{&quot;category&quot;:{&quot;name&quot;:&quot;Categories&quot;,&quot;rest_base&quot;:&quot;categories&quot;,&quot;rest_namespace&quot;:&quot;wp\\\/v2&quot;,&quot;slug&quot;:&quot;category&quot;,&quot;value&quot;:&quot;[{\\&quot;value\\&quot;:14,\\&quot;label\\&quot;:\\&quot;COLLOQUES ET CONF\\u00c9RENCES\\&quot;}]&quot;}},&quot;per_page&quot;:&quot;6&quot;,&quot;offset&quot;:&quot;0&quot;,&quot;orderby&quot;:&quot;date&quot;,&quot;order&quot;:&quot;desc&quot;,&quot;include&quot;:&quot;&quot;,&quot;exclude&quot;:&quot;&quot;,&quot;exclude_current&quot;:false}\"\n            data-attributes=\"{&quot;thumbnailSize&quot;:&quot;&quot;,&quot;loadMoreOptions&quot;:{&quot;enableMorePosts&quot;:true,&quot;loadMoreType&quot;:&quot;1&quot;,&quot;loadMoreButtonTxt&quot;:&quot;Voir plus&quot;,&quot;alignment&quot;:&quot;center&quot;,&quot;prevTxt&quot;:&quot;&lt;&quot;,&quot;nextTxt&quot;:&quot;&gt;&quot;,&quot;totalPosts&quot;:31},&quot;showSearch&quot;:false,&quot;showTaxonomyFilter&quot;:false,&quot;enableAjaxSearch&quot;:false,&quot;addIcon&quot;:false,&quot;iconPosition&quot;:&quot;left&quot;,&quot;icon&quot;:&quot;fas fa-chevron-right&quot;,&quot;preset&quot;:&quot;style-3&quot;,&quot;defaultFilter&quot;:&quot;all&quot;,&quot;version&quot;:&quot;v2&quot;,&quot;showBlockContent&quot;:true,&quot;showFallbackImg&quot;:false,&quot;fallbackImgUrl&quot;:&quot;&quot;,&quot;showThumbnail&quot;:true,&quot;showTitle&quot;:true,&quot;titleLength&quot;:&quot;&quot;,&quot;titleTag&quot;:&quot;h2&quot;,&quot;showContent&quot;:false,&quot;contentLength&quot;:20,&quot;expansionIndicator&quot;:&quot;...&quot;,&quot;showReadMore&quot;:false,&quot;readmoreText&quot;:&quot;Read More&quot;,&quot;showMeta&quot;:false,&quot;headerMeta&quot;:&quot;[]&quot;,&quot;footerMeta&quot;:&quot;[{\\&quot;label\\&quot;:\\&quot;Categories\\&quot;,\\&quot;value\\&quot;:\\&quot;category\\&quot;}]&quot;,&quot;authorPrefix&quot;:&quot;by&quot;,&quot;datePrefix&quot;:&quot;on&quot;,&quot;showFeaturedPost&quot;:false,&quot;featuredPostId&quot;:&quot;&quot;,&quot;showFeaturedPostTitle&quot;:true,&quot;showFeaturedPostContent&quot;:false,&quot;showFeaturedPostMeta&quot;:true,&quot;showFeaturedHeaderMeta&quot;:true,&quot;showFeaturedFooterMeta&quot;:true,&quot;featuredMetaItems&quot;:&quot;{}&quot;,&quot;featuredExcerptLength&quot;:10}\">\n\n            \n\n            <div class=\"eb-post-grid-posts-wrapper\"><article class=\"ebpg-grid-post ebpg-post-grid-column\" data-id=\"5701\"><div class=\"ebpg-grid-post-holder\"><div class=\"ebpg-entry-wrapper\"><div class=\"ebpg-entry-media\">\n                <div class=\"ebpg-entry-thumbnail\">\n                    <a class=\"ebpg-post-link-wrapper eb-sr-only\" href=\"https:\/\/www.mouranicriminologie.com\/en\/2025\/05\/16\/dans-le-cadre-de-la-semaine-des-victimes-et-survivantes-dactes-criminels-je-donnais-une-conference-sur-les-cyberviolences-sexuelles-a-lere-de-ia-au-calacs-de-shawinigan\/\">Dans le cadre de la Semaine des victimes et survivantes d&rsquo;actes criminels, je donnais une conf\u00e9rence sur les cyberviolences sexuelles \u00e0 l&rsquo;\u00e8re de IA au CALACS de Shawinigan.\u00a0<\/a>\n                    <img decoding=\"async\" width=\"2560\" height=\"1920\" src=\"https:\/\/www.mouranicriminologie.com\/wp-content\/uploads\/2025\/05\/IMG20250515211747-scaled.jpg\" class=\"attachment-full size-full\" alt=\"\" \/>\n                <\/div>\n            <\/div><header class=\"ebpg-entry-header\">\n            <h2 class=\"ebpg-entry-title\">\n                <a class=\"ebpg-grid-post-link\" href=\"https:\/\/www.mouranicriminologie.com\/en\/2025\/05\/16\/dans-le-cadre-de-la-semaine-des-victimes-et-survivantes-dactes-criminels-je-donnais-une-conference-sur-les-cyberviolences-sexuelles-a-lere-de-ia-au-calacs-de-shawinigan\/\" title=\"danslecadredelasemainedesvictimesetsurvivantesdactescriminelsjedonnaisuneconfrencesurlescyberviolencessexuelleslredeiaaucalacsdeshawinigan\">Dans le cadre de la Semaine des victimes et survivantes d&rsquo;actes criminels, je donnais une conf\u00e9rence sur les cyberviolences sexuelles \u00e0 l&rsquo;\u00e8re de IA au CALACS de Shawinigan.\u00a0<\/a>\n            <\/h2>\n        <\/header><\/div><\/div><\/article><article class=\"ebpg-grid-post ebpg-post-grid-column\" data-id=\"5684\"><div class=\"ebpg-grid-post-holder\"><div class=\"ebpg-entry-wrapper\"><div class=\"ebpg-entry-media\">\n                <div class=\"ebpg-entry-thumbnail\">\n                    <a class=\"ebpg-post-link-wrapper eb-sr-only\" href=\"https:\/\/www.mouranicriminologie.com\/en\/2025\/05\/15\/conference-cyberviolence-sexuelle\/\">Conf\u00e9rence cyberviolence sexuelle<\/a>\n                    <img decoding=\"async\" width=\"635\" height=\"491\" src=\"https:\/\/www.mouranicriminologie.com\/wp-content\/uploads\/2025\/05\/image003.jpg\" class=\"attachment-full size-full\" alt=\"\" \/>\n                <\/div>\n            <\/div><header class=\"ebpg-entry-header\">\n            <h2 class=\"ebpg-entry-title\">\n                <a class=\"ebpg-grid-post-link\" href=\"https:\/\/www.mouranicriminologie.com\/en\/2025\/05\/15\/conference-cyberviolence-sexuelle\/\" title=\"confrencecyberviolencesexuelle\">Conf\u00e9rence cyberviolence sexuelle<\/a>\n            <\/h2>\n        <\/header><\/div><\/div><\/article><article class=\"ebpg-grid-post ebpg-post-grid-column\" data-id=\"5369\"><div class=\"ebpg-grid-post-holder\"><div class=\"ebpg-entry-wrapper\"><div class=\"ebpg-entry-media\">\n                <div class=\"ebpg-entry-thumbnail\">\n                    <a class=\"ebpg-post-link-wrapper eb-sr-only\" href=\"https:\/\/www.mouranicriminologie.com\/en\/2024\/05\/25\/conference-sur-la-pedocriminalite-et-le-trafic-humain\/\">Conf\u00e9rence sur la p\u00e9docriminalit\u00e9 et le trafic humain<\/a>\n                    <img decoding=\"async\" width=\"800\" height=\"450\" src=\"https:\/\/www.mouranicriminologie.com\/wp-content\/uploads\/2024\/05\/1715606860097.jpg\" class=\"attachment-full size-full\" alt=\"\" \/>\n                <\/div>\n            <\/div><header class=\"ebpg-entry-header\">\n            <h2 class=\"ebpg-entry-title\">\n                <a class=\"ebpg-grid-post-link\" href=\"https:\/\/www.mouranicriminologie.com\/en\/2024\/05\/25\/conference-sur-la-pedocriminalite-et-le-trafic-humain\/\" title=\"confrencesurlapdocriminalitetletrafichumain\">Conf\u00e9rence sur la p\u00e9docriminalit\u00e9 et le trafic humain<\/a>\n            <\/h2>\n        <\/header><\/div><\/div><\/article><article class=\"ebpg-grid-post ebpg-post-grid-column\" data-id=\"1225\"><div class=\"ebpg-grid-post-holder\"><div class=\"ebpg-entry-wrapper\"><div class=\"ebpg-entry-media\">\n                <div class=\"ebpg-entry-thumbnail\">\n                    <a class=\"ebpg-post-link-wrapper eb-sr-only\" href=\"https:\/\/www.mouranicriminologie.com\/en\/2022\/10\/13\/table-ronde-a-luniversite-de-montreal-pour-le-lancement-du-numero-special-de-la-revue-criminologie-en-lhonneur-de-la-professeure-diane-casoni\/\">Table ronde pour le lancement de la revue Criminologie<\/a>\n                    <img decoding=\"async\" width=\"1080\" height=\"723\" src=\"https:\/\/www.mouranicriminologie.com\/wp-content\/uploads\/2022\/10\/Screenshot_20221013_104606.jpg\" class=\"attachment-full size-full\" alt=\"\" \/>\n                <\/div>\n            <\/div><header class=\"ebpg-entry-header\">\n            <h2 class=\"ebpg-entry-title\">\n                <a class=\"ebpg-grid-post-link\" href=\"https:\/\/www.mouranicriminologie.com\/en\/2022\/10\/13\/table-ronde-a-luniversite-de-montreal-pour-le-lancement-du-numero-special-de-la-revue-criminologie-en-lhonneur-de-la-professeure-diane-casoni\/\" title=\"tablerondepourlelancementdelarevuecriminologie\">Table ronde pour le lancement de la revue Criminologie<\/a>\n            <\/h2>\n        <\/header><\/div><\/div><\/article><article class=\"ebpg-grid-post ebpg-post-grid-column\" data-id=\"1222\"><div class=\"ebpg-grid-post-holder\"><div class=\"ebpg-entry-wrapper\"><div class=\"ebpg-entry-media\">\n                <div class=\"ebpg-entry-thumbnail\">\n                    <a class=\"ebpg-post-link-wrapper eb-sr-only\" href=\"https:\/\/www.mouranicriminologie.com\/en\/2022\/10\/13\/jeudi-13-octobre-je-serai-au-congres-de-lordre-professionnel-des-criminologues-du-quebec-je-presente-avec-mon-collegue-et-ami-roger-ferland-un-apercu-de-loperation-scorpion\/\">Congr\u00e8s de l\u2019Ordre professionnel des criminologues du Qu\u00e9bec 2022<\/a>\n                    <img decoding=\"async\" width=\"1080\" height=\"553\" src=\"https:\/\/www.mouranicriminologie.com\/wp-content\/uploads\/2022\/10\/Screenshot_20221011_155010.jpg\" class=\"attachment-full size-full\" alt=\"\" \/>\n                <\/div>\n            <\/div><header class=\"ebpg-entry-header\">\n            <h2 class=\"ebpg-entry-title\">\n                <a class=\"ebpg-grid-post-link\" href=\"https:\/\/www.mouranicriminologie.com\/en\/2022\/10\/13\/jeudi-13-octobre-je-serai-au-congres-de-lordre-professionnel-des-criminologues-du-quebec-je-presente-avec-mon-collegue-et-ami-roger-ferland-un-apercu-de-loperation-scorpion\/\" title=\"congrsdelordreprofessionneldescriminologuesduqubec2022\">Congr\u00e8s de l\u2019Ordre professionnel des criminologues du Qu\u00e9bec 2022<\/a>\n            <\/h2>\n        <\/header><\/div><\/div><\/article><article class=\"ebpg-grid-post ebpg-post-grid-column\" data-id=\"707\"><div class=\"ebpg-grid-post-holder\"><div class=\"ebpg-entry-wrapper\"><div class=\"ebpg-entry-media\">\n                <div class=\"ebpg-entry-thumbnail\">\n                    <a class=\"ebpg-post-link-wrapper eb-sr-only\" href=\"https:\/\/www.mouranicriminologie.com\/en\/2022\/05\/06\/congres-annuel-de-licsa-du-1er-au-3-juillet\/\">Congr\u00e8s annuel de l\u2019ICSA du 1er au 3 juillet<\/a>\n                    <img decoding=\"async\" width=\"1080\" height=\"896\" src=\"https:\/\/www.mouranicriminologie.com\/wp-content\/uploads\/2022\/05\/img_20210612_200412.jpg\" class=\"attachment-full size-full\" alt=\"\" \/>\n                <\/div>\n            <\/div><header class=\"ebpg-entry-header\">\n            <h2 class=\"ebpg-entry-title\">\n                <a class=\"ebpg-grid-post-link\" href=\"https:\/\/www.mouranicriminologie.com\/en\/2022\/05\/06\/congres-annuel-de-licsa-du-1er-au-3-juillet\/\" title=\"congrsannueldelicsadu1erau3juillet\">Congr\u00e8s annuel de l\u2019ICSA du 1er au 3 juillet<\/a>\n            <\/h2>\n        <\/header><\/div><\/div><\/article><\/div><p class=\"eb-no-posts eb-loadmore-no-post\" style=\"display: none;\">No more posts<\/p><div class=\"ebpostgrid-pagination ebpg-pagination \"><button class=\"btn ebpg-pagination-button\" data-pagenumber=\"1\">Voir plus<\/button><\/div>        <\/div>\n    <\/div>\n<\/div>\n<\/div><\/div>\n\n\n\n<div class=\"eb-tab-wrapper\" data-tab-id=\"2\" data-tab-parent-id=\"eb-advanced-tabs-l3lpx\"><div class=\"eb-tab-inner\"><div class=\"root-eb-post-grid-h9xv5 wp-block-essential-blocks-post-grid\">\n    <div class=\"eb-parent-wrapper eb-parent-eb-post-grid-h9xv5 \">\n        <div class=\"eb-post-grid-h9xv5 style-3  eb-post-grid-wrapper\"\n            data-id=\"eb-post-grid-h9xv5\"\n            data-querydata=\"{&quot;source&quot;:&quot;post&quot;,&quot;sourceIndex&quot;:0,&quot;rest_base&quot;:&quot;posts&quot;,&quot;rest_namespace&quot;:&quot;wp\\\/v2&quot;,&quot;author&quot;:&quot;&quot;,&quot;taxonomies&quot;:{&quot;category&quot;:{&quot;name&quot;:&quot;Categories&quot;,&quot;rest_base&quot;:&quot;categories&quot;,&quot;rest_namespace&quot;:&quot;wp\\\/v2&quot;,&quot;slug&quot;:&quot;category&quot;,&quot;value&quot;:&quot;[{\\&quot;value\\&quot;:16,\\&quot;label\\&quot;:\\&quot;FORMATIONS ET ATELIERS DE PR\\u00c9VENTION\\&quot;}]&quot;}},&quot;per_page&quot;:&quot;6&quot;,&quot;offset&quot;:&quot;0&quot;,&quot;orderby&quot;:&quot;date&quot;,&quot;order&quot;:&quot;desc&quot;,&quot;include&quot;:&quot;&quot;,&quot;exclude&quot;:&quot;&quot;,&quot;exclude_current&quot;:false}\"\n            data-attributes=\"{&quot;thumbnailSize&quot;:&quot;&quot;,&quot;loadMoreOptions&quot;:{&quot;enableMorePosts&quot;:true,&quot;loadMoreType&quot;:&quot;1&quot;,&quot;loadMoreButtonTxt&quot;:&quot;Voir plus&quot;,&quot;alignment&quot;:&quot;center&quot;,&quot;prevTxt&quot;:&quot;&lt;&quot;,&quot;nextTxt&quot;:&quot;&gt;&quot;,&quot;totalPosts&quot;:5},&quot;showSearch&quot;:false,&quot;showTaxonomyFilter&quot;:false,&quot;enableAjaxSearch&quot;:false,&quot;addIcon&quot;:false,&quot;iconPosition&quot;:&quot;left&quot;,&quot;icon&quot;:&quot;fas fa-chevron-right&quot;,&quot;preset&quot;:&quot;style-3&quot;,&quot;defaultFilter&quot;:&quot;all&quot;,&quot;version&quot;:&quot;v2&quot;,&quot;showBlockContent&quot;:true,&quot;showFallbackImg&quot;:false,&quot;fallbackImgUrl&quot;:&quot;&quot;,&quot;showThumbnail&quot;:true,&quot;showTitle&quot;:true,&quot;titleLength&quot;:&quot;&quot;,&quot;titleTag&quot;:&quot;h2&quot;,&quot;showContent&quot;:false,&quot;contentLength&quot;:20,&quot;expansionIndicator&quot;:&quot;...&quot;,&quot;showReadMore&quot;:false,&quot;readmoreText&quot;:&quot;Read More&quot;,&quot;showMeta&quot;:false,&quot;headerMeta&quot;:&quot;[]&quot;,&quot;footerMeta&quot;:&quot;[{\\&quot;label\\&quot;:\\&quot;Categories\\&quot;,\\&quot;value\\&quot;:\\&quot;category\\&quot;}]&quot;,&quot;authorPrefix&quot;:&quot;by&quot;,&quot;datePrefix&quot;:&quot;on&quot;,&quot;showFeaturedPost&quot;:false,&quot;featuredPostId&quot;:&quot;&quot;,&quot;showFeaturedPostTitle&quot;:true,&quot;showFeaturedPostContent&quot;:false,&quot;showFeaturedPostMeta&quot;:true,&quot;showFeaturedHeaderMeta&quot;:true,&quot;showFeaturedFooterMeta&quot;:true,&quot;featuredMetaItems&quot;:&quot;{}&quot;,&quot;featuredExcerptLength&quot;:10}\">\n\n            \n\n            <div class=\"eb-post-grid-posts-wrapper\"><article class=\"ebpg-grid-post ebpg-post-grid-column\" data-id=\"5883\"><div class=\"ebpg-grid-post-holder\"><div class=\"ebpg-entry-wrapper\"><div class=\"ebpg-entry-media\">\n                <div class=\"ebpg-entry-thumbnail\">\n                    <a class=\"ebpg-post-link-wrapper eb-sr-only\" href=\"https:\/\/www.mouranicriminologie.com\/en\/2026\/02\/19\/semaine-quebecoise-de-la-criminologie\/\">Semaine qu\u00e9b\u00e9coise de la criminologie<\/a>\n                    <img decoding=\"async\" width=\"608\" height=\"506\" src=\"https:\/\/www.mouranicriminologie.com\/wp-content\/uploads\/2026\/02\/Screenshot-From-2026-02-18-22-39-37-1.png\" class=\"attachment-full size-full\" alt=\"\" \/>\n                <\/div>\n            <\/div><header class=\"ebpg-entry-header\">\n            <h2 class=\"ebpg-entry-title\">\n                <a class=\"ebpg-grid-post-link\" href=\"https:\/\/www.mouranicriminologie.com\/en\/2026\/02\/19\/semaine-quebecoise-de-la-criminologie\/\" title=\"semainequbcoisedelacriminologie\">Semaine qu\u00e9b\u00e9coise de la criminologie<\/a>\n            <\/h2>\n        <\/header><\/div><\/div><\/article><article class=\"ebpg-grid-post ebpg-post-grid-column\" data-id=\"5342\"><div class=\"ebpg-grid-post-holder\"><div class=\"ebpg-entry-wrapper\"><div class=\"ebpg-entry-media\">\n                <div class=\"ebpg-entry-thumbnail\">\n                    <a class=\"ebpg-post-link-wrapper eb-sr-only\" href=\"https:\/\/www.mouranicriminologie.com\/en\/2024\/04\/20\/radicalisation-violente-au-dela-de-lideologie-religieuse-ou-politique\/\">Radicalisation violente : au-del\u00e0 de l\u2019id\u00e9ologie religieuse ou politique<\/a>\n                    <img decoding=\"async\" width=\"625\" height=\"324\" src=\"https:\/\/www.mouranicriminologie.com\/wp-content\/uploads\/2024\/04\/Screenshot-2024-04-20-133336.png\" class=\"attachment-full size-full\" alt=\"\" \/>\n                <\/div>\n            <\/div><header class=\"ebpg-entry-header\">\n            <h2 class=\"ebpg-entry-title\">\n                <a class=\"ebpg-grid-post-link\" href=\"https:\/\/www.mouranicriminologie.com\/en\/2024\/04\/20\/radicalisation-violente-au-dela-de-lideologie-religieuse-ou-politique\/\" title=\"radicalisationviolente:au-deldelidologiereligieuseoupolitique\">Radicalisation violente : au-del\u00e0 de l\u2019id\u00e9ologie religieuse ou politique<\/a>\n            <\/h2>\n        <\/header><\/div><\/div><\/article><article class=\"ebpg-grid-post ebpg-post-grid-column\" data-id=\"1568\"><div class=\"ebpg-grid-post-holder\"><div class=\"ebpg-entry-wrapper\"><div class=\"ebpg-entry-media\">\n                <div class=\"ebpg-entry-thumbnail\">\n                    <a class=\"ebpg-post-link-wrapper eb-sr-only\" href=\"https:\/\/www.mouranicriminologie.com\/en\/2023\/02\/10\/je-vous-invite-a-vous-inscrire-en-grand-nombre-a-cette-formation-que-je-donne-sous-le-chapiteau-de-lordre-professionnel-des-criminologues-du-quebec\/\">Formations OPCQ<\/a>\n                    <img decoding=\"async\" width=\"1200\" height=\"630\" src=\"https:\/\/www.mouranicriminologie.com\/wp-content\/uploads\/2023\/02\/radicalisation-bigstock-anxiety-human-brain-problem-au-98214098.jpg\" class=\"attachment-full size-full\" alt=\"\" \/>\n                <\/div>\n            <\/div><header class=\"ebpg-entry-header\">\n            <h2 class=\"ebpg-entry-title\">\n                <a class=\"ebpg-grid-post-link\" href=\"https:\/\/www.mouranicriminologie.com\/en\/2023\/02\/10\/je-vous-invite-a-vous-inscrire-en-grand-nombre-a-cette-formation-que-je-donne-sous-le-chapiteau-de-lordre-professionnel-des-criminologues-du-quebec\/\" title=\"formationsopcq\">Formations OPCQ<\/a>\n            <\/h2>\n        <\/header><\/div><\/div><\/article><article class=\"ebpg-grid-post ebpg-post-grid-column\" data-id=\"1371\"><div class=\"ebpg-grid-post-holder\"><div class=\"ebpg-entry-wrapper\"><div class=\"ebpg-entry-media\">\n                <div class=\"ebpg-entry-thumbnail\">\n                    <a class=\"ebpg-post-link-wrapper eb-sr-only\" href=\"https:\/\/www.mouranicriminologie.com\/en\/2022\/11\/28\/23-novembre-2022-maria-mourani-donne-une-formation-sur-le-harcelement-au-travail-aux-avocats-de-la-cnesst-a-la-table-des-avocats-lors-du-congres-annuel-de-la-cnesst-qui-se-tient-au-palais-des\/\">Formation CNSST<\/a>\n                    <img decoding=\"async\" width=\"864\" height=\"1153\" src=\"https:\/\/www.mouranicriminologie.com\/wp-content\/uploads\/2022\/11\/Img_2022_11_28_13_36_15.jpeg\" class=\"attachment-full size-full\" alt=\"\" \/>\n                <\/div>\n            <\/div><header class=\"ebpg-entry-header\">\n            <h2 class=\"ebpg-entry-title\">\n                <a class=\"ebpg-grid-post-link\" href=\"https:\/\/www.mouranicriminologie.com\/en\/2022\/11\/28\/23-novembre-2022-maria-mourani-donne-une-formation-sur-le-harcelement-au-travail-aux-avocats-de-la-cnesst-a-la-table-des-avocats-lors-du-congres-annuel-de-la-cnesst-qui-se-tient-au-palais-des\/\" title=\"formationcnsst\">Formation CNSST<\/a>\n            <\/h2>\n        <\/header><\/div><\/div><\/article><article class=\"ebpg-grid-post ebpg-post-grid-column\" data-id=\"690\"><div class=\"ebpg-grid-post-holder\"><div class=\"ebpg-entry-wrapper\"><div class=\"ebpg-entry-media\">\n                <div class=\"ebpg-entry-thumbnail\">\n                    <a class=\"ebpg-post-link-wrapper eb-sr-only\" href=\"https:\/\/www.mouranicriminologie.com\/en\/2022\/05\/06\/septembre-2019-atelier-de-prevention-au-cannabis-pour-les-jeunes-de-jeunesse-melkite\/\">Ateliers de pr\u00e9vention<\/a>\n                    <img decoding=\"async\" width=\"1599\" height=\"1200\" src=\"https:\/\/www.mouranicriminologie.com\/wp-content\/uploads\/2022\/05\/fvzm3445.jpg\" class=\"attachment-full size-full\" alt=\"\" \/>\n                <\/div>\n            <\/div><header class=\"ebpg-entry-header\">\n            <h2 class=\"ebpg-entry-title\">\n                <a class=\"ebpg-grid-post-link\" href=\"https:\/\/www.mouranicriminologie.com\/en\/2022\/05\/06\/septembre-2019-atelier-de-prevention-au-cannabis-pour-les-jeunes-de-jeunesse-melkite\/\" title=\"ateliersdeprvention\">Ateliers de pr\u00e9vention<\/a>\n            <\/h2>\n        <\/header><\/div><\/div><\/article><\/div><p class=\"eb-no-posts eb-loadmore-no-post\" style=\"display: none;\">No more posts<\/p>        <\/div>\n    <\/div>\n<\/div>\n<\/div><\/div>\n\n\n\n<div class=\"eb-tab-wrapper\" data-tab-id=\"4\" data-tab-parent-id=\"eb-advanced-tabs-l3lpx\"><div class=\"eb-tab-inner\"><div class=\"root-eb-post-grid-mwkpu wp-block-essential-blocks-post-grid\">\n    <div class=\"eb-parent-wrapper eb-parent-eb-post-grid-mwkpu \">\n        <div class=\"eb-post-grid-mwkpu style-3  eb-post-grid-wrapper\"\n            data-id=\"eb-post-grid-mwkpu\"\n            data-querydata=\"{&quot;source&quot;:&quot;post&quot;,&quot;sourceIndex&quot;:0,&quot;rest_base&quot;:&quot;posts&quot;,&quot;rest_namespace&quot;:&quot;wp\\\/v2&quot;,&quot;author&quot;:&quot;&quot;,&quot;taxonomies&quot;:{&quot;category&quot;:{&quot;name&quot;:&quot;Categories&quot;,&quot;rest_base&quot;:&quot;categories&quot;,&quot;rest_namespace&quot;:&quot;wp\\\/v2&quot;,&quot;slug&quot;:&quot;category&quot;,&quot;value&quot;:&quot;[{\\&quot;value\\&quot;:17,\\&quot;label\\&quot;:\\&quot;COMMISSIONS PARLEMENTAIRES\\&quot;}]&quot;}},&quot;per_page&quot;:&quot;6&quot;,&quot;offset&quot;:&quot;0&quot;,&quot;orderby&quot;:&quot;date&quot;,&quot;order&quot;:&quot;desc&quot;,&quot;include&quot;:&quot;&quot;,&quot;exclude&quot;:&quot;&quot;,&quot;exclude_current&quot;:false}\"\n            data-attributes=\"{&quot;thumbnailSize&quot;:&quot;&quot;,&quot;loadMoreOptions&quot;:{&quot;enableMorePosts&quot;:true,&quot;loadMoreType&quot;:&quot;1&quot;,&quot;loadMoreButtonTxt&quot;:&quot;Voir plus&quot;,&quot;alignment&quot;:&quot;center&quot;,&quot;prevTxt&quot;:&quot;&lt;&quot;,&quot;nextTxt&quot;:&quot;&gt;&quot;,&quot;totalPosts&quot;:13},&quot;showSearch&quot;:false,&quot;showTaxonomyFilter&quot;:false,&quot;enableAjaxSearch&quot;:false,&quot;addIcon&quot;:false,&quot;iconPosition&quot;:&quot;left&quot;,&quot;icon&quot;:&quot;fas fa-chevron-right&quot;,&quot;preset&quot;:&quot;style-3&quot;,&quot;defaultFilter&quot;:&quot;all&quot;,&quot;version&quot;:&quot;v2&quot;,&quot;showBlockContent&quot;:true,&quot;showFallbackImg&quot;:false,&quot;fallbackImgUrl&quot;:&quot;&quot;,&quot;showThumbnail&quot;:true,&quot;showTitle&quot;:true,&quot;titleLength&quot;:&quot;&quot;,&quot;titleTag&quot;:&quot;h2&quot;,&quot;showContent&quot;:false,&quot;contentLength&quot;:20,&quot;expansionIndicator&quot;:&quot;...&quot;,&quot;showReadMore&quot;:false,&quot;readmoreText&quot;:&quot;Read More&quot;,&quot;showMeta&quot;:false,&quot;headerMeta&quot;:&quot;[]&quot;,&quot;footerMeta&quot;:&quot;[{\\&quot;label\\&quot;:\\&quot;Categories\\&quot;,\\&quot;value\\&quot;:\\&quot;category\\&quot;}]&quot;,&quot;authorPrefix&quot;:&quot;by&quot;,&quot;datePrefix&quot;:&quot;on&quot;,&quot;showFeaturedPost&quot;:false,&quot;featuredPostId&quot;:&quot;&quot;,&quot;showFeaturedPostTitle&quot;:true,&quot;showFeaturedPostContent&quot;:false,&quot;showFeaturedPostMeta&quot;:true,&quot;showFeaturedHeaderMeta&quot;:true,&quot;showFeaturedFooterMeta&quot;:true,&quot;featuredMetaItems&quot;:&quot;{}&quot;,&quot;featuredExcerptLength&quot;:10}\">\n\n            \n\n            <div class=\"eb-post-grid-posts-wrapper\"><article class=\"ebpg-grid-post ebpg-post-grid-column\" data-id=\"2346\"><div class=\"ebpg-grid-post-holder\"><div class=\"ebpg-entry-wrapper\"><div class=\"ebpg-entry-media\">\n                <div class=\"ebpg-entry-thumbnail\">\n                    <a class=\"ebpg-post-link-wrapper eb-sr-only\" href=\"https:\/\/www.mouranicriminologie.com\/en\/2023\/06\/02\/jai-anime-a-ottawa-un-panel-sur-la-traite-des-personnes-organise-par-le-groupe-parlementaire-multipartite-de-lutte-contre-lesclavage-moderne-et-la-traite-des-personnes-sous-la-direction-de\/\">Panel sur la traite des personnes organis\u00e9 par le Groupe parlementaire multipartite de lutte contre l\u2019esclavage moderne et la traite des personnes<\/a>\n                    <img decoding=\"async\" width=\"864\" height=\"647\" src=\"https:\/\/www.mouranicriminologie.com\/wp-content\/uploads\/2023\/06\/Img_2023_06_02_14_54_37.jpeg\" class=\"attachment-full size-full\" alt=\"\" \/>\n                <\/div>\n            <\/div><header class=\"ebpg-entry-header\">\n            <h2 class=\"ebpg-entry-title\">\n                <a class=\"ebpg-grid-post-link\" href=\"https:\/\/www.mouranicriminologie.com\/en\/2023\/06\/02\/jai-anime-a-ottawa-un-panel-sur-la-traite-des-personnes-organise-par-le-groupe-parlementaire-multipartite-de-lutte-contre-lesclavage-moderne-et-la-traite-des-personnes-sous-la-direction-de\/\" title=\"panelsurlatraitedespersonnesorganisparlegroupeparlementairemultipartitedeluttecontrelesclavagemoderneetlatraitedespersonnes\">Panel sur la traite des personnes organis\u00e9 par le Groupe parlementaire multipartite de lutte contre l\u2019esclavage moderne et la traite des personnes<\/a>\n            <\/h2>\n        <\/header><\/div><\/div><\/article><article class=\"ebpg-grid-post ebpg-post-grid-column\" data-id=\"1668\"><div class=\"ebpg-grid-post-holder\"><div class=\"ebpg-entry-wrapper\"><div class=\"ebpg-entry-media\">\n                <div class=\"ebpg-entry-thumbnail\">\n                    <a class=\"ebpg-post-link-wrapper eb-sr-only\" href=\"https:\/\/www.mouranicriminologie.com\/en\/2023\/04\/30\/comite-permanent-de-la-condition-feminine\/\">Comit\u00e9 permanent de la condition f\u00e9minine<\/a>\n                    <img decoding=\"async\" width=\"1004\" height=\"475\" src=\"https:\/\/www.mouranicriminologie.com\/wp-content\/uploads\/2023\/04\/Screenshot_20230430-125822.png\" class=\"attachment-full size-full\" alt=\"\" \/>\n                <\/div>\n            <\/div><header class=\"ebpg-entry-header\">\n            <h2 class=\"ebpg-entry-title\">\n                <a class=\"ebpg-grid-post-link\" href=\"https:\/\/www.mouranicriminologie.com\/en\/2023\/04\/30\/comite-permanent-de-la-condition-feminine\/\" title=\"comitpermanentdelaconditionfminine\">Comit\u00e9 permanent de la condition f\u00e9minine<\/a>\n            <\/h2>\n        <\/header><\/div><\/div><\/article><article class=\"ebpg-grid-post ebpg-post-grid-column\" data-id=\"697\"><div class=\"ebpg-grid-post-holder\"><div class=\"ebpg-entry-wrapper\"><div class=\"ebpg-entry-media\">\n                <div class=\"ebpg-entry-thumbnail\">\n                    <a class=\"ebpg-post-link-wrapper eb-sr-only\" href=\"https:\/\/www.mouranicriminologie.com\/en\/2022\/05\/06\/commission-speciale-sur-lexploitation-sexuelle-des-mineurs\/\">Commission sp\u00e9ciale sur l\u2019exploitation sexuelle des mineurs<\/a>\n                    <img decoding=\"async\" width=\"608\" height=\"402\" src=\"https:\/\/www.mouranicriminologie.com\/wp-content\/uploads\/2022\/05\/untitled-23.png\" class=\"attachment-full size-full\" alt=\"\" \/>\n                <\/div>\n            <\/div><header class=\"ebpg-entry-header\">\n            <h2 class=\"ebpg-entry-title\">\n                <a class=\"ebpg-grid-post-link\" href=\"https:\/\/www.mouranicriminologie.com\/en\/2022\/05\/06\/commission-speciale-sur-lexploitation-sexuelle-des-mineurs\/\" title=\"commissionspcialesurlexploitationsexuelledesmineurs\">Commission sp\u00e9ciale sur l\u2019exploitation sexuelle des mineurs<\/a>\n            <\/h2>\n        <\/header><\/div><\/div><\/article><article class=\"ebpg-grid-post ebpg-post-grid-column\" data-id=\"674\"><div class=\"ebpg-grid-post-holder\"><div class=\"ebpg-entry-wrapper\"><div class=\"ebpg-entry-media\">\n                <div class=\"ebpg-entry-thumbnail\">\n                    <a class=\"ebpg-post-link-wrapper eb-sr-only\" href=\"https:\/\/www.mouranicriminologie.com\/en\/2022\/05\/06\/decembre-2018-prises-de-parole-au-nom-du-quebec-lors-du-comite-intergouvernemental-sur-la-convention-2005\/\">Comit\u00e9 intergouvernemental sur la Convention 2005 (UNESCO)<\/a>\n                    <img decoding=\"async\" width=\"1716\" height=\"2046\" src=\"https:\/\/www.mouranicriminologie.com\/wp-content\/uploads\/2022\/05\/IMG_0909.jpg\" class=\"attachment-full size-full\" alt=\"\" \/>\n                <\/div>\n            <\/div><header class=\"ebpg-entry-header\">\n            <h2 class=\"ebpg-entry-title\">\n                <a class=\"ebpg-grid-post-link\" href=\"https:\/\/www.mouranicriminologie.com\/en\/2022\/05\/06\/decembre-2018-prises-de-parole-au-nom-du-quebec-lors-du-comite-intergouvernemental-sur-la-convention-2005\/\" title=\"comitintergouvernementalsurlaconvention2005unesco\">Comit\u00e9 intergouvernemental sur la Convention 2005 (UNESCO)<\/a>\n            <\/h2>\n        <\/header><\/div><\/div><\/article><article class=\"ebpg-grid-post ebpg-post-grid-column\" data-id=\"654\"><div class=\"ebpg-grid-post-holder\"><div class=\"ebpg-entry-wrapper\"><div class=\"ebpg-entry-media\">\n                <div class=\"ebpg-entry-thumbnail\">\n                    <a class=\"ebpg-post-link-wrapper eb-sr-only\" href=\"https:\/\/www.mouranicriminologie.com\/en\/2022\/05\/06\/16-novembre-2018-journee-mondiale-de-la-philosophie-et-la-nuit-de-la-philosophie-jai-organise-avec-mon-collaborateur-william-grenier-chalifoux-une-programmation-quebecoise-avec-plus\/\">Journ\u00e9e mondiale de la philosophie et la Nuit de la philosophie (UNESCO)<\/a>\n                    <img decoding=\"async\" width=\"960\" height=\"720\" src=\"https:\/\/www.mouranicriminologie.com\/wp-content\/uploads\/2022\/05\/46337808_1717485021696391_3766773351809286144_n.jpg\" class=\"attachment-full size-full\" alt=\"\" \/>\n                <\/div>\n            <\/div><header class=\"ebpg-entry-header\">\n            <h2 class=\"ebpg-entry-title\">\n                <a class=\"ebpg-grid-post-link\" href=\"https:\/\/www.mouranicriminologie.com\/en\/2022\/05\/06\/16-novembre-2018-journee-mondiale-de-la-philosophie-et-la-nuit-de-la-philosophie-jai-organise-avec-mon-collaborateur-william-grenier-chalifoux-une-programmation-quebecoise-avec-plus\/\" title=\"journemondialedelaphilosophieetlanuitdelaphilosophieunesco\">Journ\u00e9e mondiale de la philosophie et la Nuit de la philosophie (UNESCO)<\/a>\n            <\/h2>\n        <\/header><\/div><\/div><\/article><article class=\"ebpg-grid-post ebpg-post-grid-column\" data-id=\"645\"><div class=\"ebpg-grid-post-holder\"><div class=\"ebpg-entry-wrapper\"><div class=\"ebpg-entry-media\">\n                <div class=\"ebpg-entry-thumbnail\">\n                    <a class=\"ebpg-post-link-wrapper eb-sr-only\" href=\"https:\/\/www.mouranicriminologie.com\/en\/2022\/05\/06\/remise-de-la-medaille-du-150ieme-du-senat-presence-de-plusieurs-personnes-de-grande-qualite-mme-colette-roy-laroche-toute-lequipe-de-mobilis-bikers-against-child-abuse-et-la-famille-becha\/\">M\u00e9daille du 150\u00e8me anniversaire du S\u00e9nat<\/a>\n                    <img decoding=\"async\" width=\"960\" height=\"720\" src=\"https:\/\/www.mouranicriminologie.com\/wp-content\/uploads\/2022\/05\/46514512_1725647457546814_5183368636793880576_n.jpg\" class=\"attachment-full size-full\" alt=\"\" \/>\n                <\/div>\n            <\/div><header class=\"ebpg-entry-header\">\n            <h2 class=\"ebpg-entry-title\">\n                <a class=\"ebpg-grid-post-link\" href=\"https:\/\/www.mouranicriminologie.com\/en\/2022\/05\/06\/remise-de-la-medaille-du-150ieme-du-senat-presence-de-plusieurs-personnes-de-grande-qualite-mme-colette-roy-laroche-toute-lequipe-de-mobilis-bikers-against-child-abuse-et-la-famille-becha\/\" title=\"mdailledu150meanniversairedusnat\">M\u00e9daille du 150\u00e8me anniversaire du S\u00e9nat<\/a>\n            <\/h2>\n        <\/header><\/div><\/div><\/article><\/div><p class=\"eb-no-posts eb-loadmore-no-post\" style=\"display: none;\">No more posts<\/p><div class=\"ebpostgrid-pagination ebpg-pagination \"><button class=\"btn ebpg-pagination-button\" data-pagenumber=\"1\">Voir plus<\/button><\/div>        <\/div>\n    <\/div>\n<\/div>\n<\/div><\/div>\n\n\n\n<div class=\"eb-tab-wrapper\" data-tab-id=\"3\" data-tab-parent-id=\"eb-advanced-tabs-l3lpx\"><div class=\"eb-tab-inner\"><div class=\"root-eb-post-grid-log51 wp-block-essential-blocks-post-grid\">\n    <div class=\"eb-parent-wrapper eb-parent-eb-post-grid-log51 \">\n        <div class=\"eb-post-grid-log51 style-3  eb-post-grid-wrapper\"\n            data-id=\"eb-post-grid-log51\"\n            data-querydata=\"{&quot;source&quot;:&quot;post&quot;,&quot;sourceIndex&quot;:0,&quot;rest_base&quot;:&quot;posts&quot;,&quot;rest_namespace&quot;:&quot;wp\\\/v2&quot;,&quot;author&quot;:&quot;&quot;,&quot;taxonomies&quot;:{&quot;category&quot;:{&quot;name&quot;:&quot;Categories&quot;,&quot;rest_base&quot;:&quot;categories&quot;,&quot;rest_namespace&quot;:&quot;wp\\\/v2&quot;,&quot;slug&quot;:&quot;category&quot;,&quot;value&quot;:&quot;[{\\&quot;value\\&quot;:18,\\&quot;label\\&quot;:\\&quot;PROMOTIONS\\&quot;}]&quot;}},&quot;per_page&quot;:&quot;6&quot;,&quot;offset&quot;:&quot;0&quot;,&quot;orderby&quot;:&quot;date&quot;,&quot;order&quot;:&quot;desc&quot;,&quot;include&quot;:&quot;&quot;,&quot;exclude&quot;:&quot;&quot;,&quot;exclude_current&quot;:false}\"\n            data-attributes=\"{&quot;thumbnailSize&quot;:&quot;&quot;,&quot;loadMoreOptions&quot;:{&quot;enableMorePosts&quot;:true,&quot;loadMoreType&quot;:&quot;1&quot;,&quot;loadMoreButtonTxt&quot;:&quot;Voir plus&quot;,&quot;alignment&quot;:&quot;center&quot;,&quot;prevTxt&quot;:&quot;&lt;&quot;,&quot;nextTxt&quot;:&quot;&gt;&quot;,&quot;totalPosts&quot;:3},&quot;showSearch&quot;:false,&quot;showTaxonomyFilter&quot;:false,&quot;enableAjaxSearch&quot;:false,&quot;addIcon&quot;:false,&quot;iconPosition&quot;:&quot;left&quot;,&quot;icon&quot;:&quot;fas fa-chevron-right&quot;,&quot;preset&quot;:&quot;style-3&quot;,&quot;defaultFilter&quot;:&quot;all&quot;,&quot;version&quot;:&quot;v2&quot;,&quot;showBlockContent&quot;:true,&quot;showFallbackImg&quot;:false,&quot;fallbackImgUrl&quot;:&quot;&quot;,&quot;showThumbnail&quot;:true,&quot;showTitle&quot;:true,&quot;titleLength&quot;:&quot;&quot;,&quot;titleTag&quot;:&quot;h2&quot;,&quot;showContent&quot;:false,&quot;contentLength&quot;:20,&quot;expansionIndicator&quot;:&quot;...&quot;,&quot;showReadMore&quot;:false,&quot;readmoreText&quot;:&quot;Read More&quot;,&quot;showMeta&quot;:false,&quot;headerMeta&quot;:&quot;[]&quot;,&quot;footerMeta&quot;:&quot;[{\\&quot;label\\&quot;:\\&quot;Categories\\&quot;,\\&quot;value\\&quot;:\\&quot;category\\&quot;}]&quot;,&quot;authorPrefix&quot;:&quot;by&quot;,&quot;datePrefix&quot;:&quot;on&quot;,&quot;showFeaturedPost&quot;:false,&quot;featuredPostId&quot;:&quot;&quot;,&quot;showFeaturedPostTitle&quot;:true,&quot;showFeaturedPostContent&quot;:false,&quot;showFeaturedPostMeta&quot;:true,&quot;showFeaturedHeaderMeta&quot;:true,&quot;showFeaturedFooterMeta&quot;:true,&quot;featuredMetaItems&quot;:&quot;{}&quot;,&quot;featuredExcerptLength&quot;:10}\">\n\n            \n\n            <div class=\"eb-post-grid-posts-wrapper\"><article class=\"ebpg-grid-post ebpg-post-grid-column\" data-id=\"1367\"><div class=\"ebpg-grid-post-holder\"><div class=\"ebpg-entry-wrapper\"><div class=\"ebpg-entry-media\">\n                <div class=\"ebpg-entry-thumbnail\">\n                    <a class=\"ebpg-post-link-wrapper eb-sr-only\" href=\"https:\/\/www.mouranicriminologie.com\/en\/2022\/11\/28\/1367\/\">Op\u00e9ration Scorpion-2022<\/a>\n                    <img decoding=\"async\" width=\"863\" height=\"700\" src=\"https:\/\/www.mouranicriminologie.com\/wp-content\/uploads\/2022\/11\/Img_2022_11_28_13_37_48.jpeg\" class=\"attachment-full size-full\" alt=\"\" \/>\n                <\/div>\n            <\/div><header class=\"ebpg-entry-header\">\n            <h2 class=\"ebpg-entry-title\">\n                <a class=\"ebpg-grid-post-link\" href=\"https:\/\/www.mouranicriminologie.com\/en\/2022\/11\/28\/1367\/\" title=\"oprationscorpion-2022\">Op\u00e9ration Scorpion-2022<\/a>\n            <\/h2>\n        <\/header><\/div><\/div><\/article><article class=\"ebpg-grid-post ebpg-post-grid-column\" data-id=\"716\"><div class=\"ebpg-grid-post-holder\"><div class=\"ebpg-entry-wrapper\"><div class=\"ebpg-entry-media\">\n                <div class=\"ebpg-entry-thumbnail\">\n                    <a class=\"ebpg-post-link-wrapper eb-sr-only\" href=\"https:\/\/www.mouranicriminologie.com\/en\/2022\/05\/06\/salon-du-livre-de-montreal-2021\/\">Machine Jihad-2021<\/a>\n                    <img decoding=\"async\" width=\"1080\" height=\"1066\" src=\"https:\/\/www.mouranicriminologie.com\/wp-content\/uploads\/2022\/05\/img_20211119_123352.jpg\" class=\"attachment-full size-full\" alt=\"\" \/>\n                <\/div>\n            <\/div><header class=\"ebpg-entry-header\">\n            <h2 class=\"ebpg-entry-title\">\n                <a class=\"ebpg-grid-post-link\" href=\"https:\/\/www.mouranicriminologie.com\/en\/2022\/05\/06\/salon-du-livre-de-montreal-2021\/\" title=\"machinejihad-2021\">Machine Jihad-2021<\/a>\n            <\/h2>\n        <\/header><\/div><\/div><\/article><article class=\"ebpg-grid-post ebpg-post-grid-column\" data-id=\"589\"><div class=\"ebpg-grid-post-holder\"><div class=\"ebpg-entry-wrapper\"><div class=\"ebpg-entry-media\">\n                <div class=\"ebpg-entry-thumbnail\">\n                    <a class=\"ebpg-post-link-wrapper eb-sr-only\" href=\"https:\/\/www.mouranicriminologie.com\/en\/2022\/05\/06\/25-mars-2018-entrevue-a-radio-canada-avec-m-roy-au-salon-du-livre-de-trois-rivieres\/\">Milena Di Maulo : fille et femme de mafiosi-2018<\/a>\n                    <img decoding=\"async\" width=\"360\" height=\"540\" src=\"https:\/\/www.mouranicriminologie.com\/wp-content\/uploads\/2023\/12\/gr_9782761948098_360x586.webp\" class=\"attachment-full size-full\" alt=\"\" \/>\n                <\/div>\n            <\/div><header class=\"ebpg-entry-header\">\n            <h2 class=\"ebpg-entry-title\">\n                <a class=\"ebpg-grid-post-link\" href=\"https:\/\/www.mouranicriminologie.com\/en\/2022\/05\/06\/25-mars-2018-entrevue-a-radio-canada-avec-m-roy-au-salon-du-livre-de-trois-rivieres\/\" title=\"milenadimaulo:filleetfemmedemafiosi-2018\">Milena Di Maulo : fille et femme de mafiosi-2018<\/a>\n            <\/h2>\n        <\/header><\/div><\/div><\/article><\/div><p class=\"eb-no-posts eb-loadmore-no-post\" style=\"display: none;\">No more posts<\/p>        <\/div>\n    <\/div>\n<\/div>\n<\/div><\/div>\n<\/div><\/div><\/div><\/div>\n","protected":false},"excerpt":{"rendered":"","protected":false},"author":1,"featured_media":0,"parent":0,"menu_order":0,"comment_status":"closed","ping_status":"closed","template":"","meta":{"_coblocks_attr":"","_coblocks_dimensions":"","_coblocks_responsive_height":"","_coblocks_accordion_ie_support":"","_eb_attr":"","_uag_custom_page_level_css":"","footnotes":""},"class_list":["post-4690","page","type-page","status-publish","hentry"],"blocksy_meta":{"has_hero_section":"disabled","disable_featured_image":"yes","content_style_source":"inherit","vertical_spacing_source":"custom","content_area_spacing":"none","styles_descriptor":{"styles":{"desktop":"","tablet":"","mobile":""},"google_fonts":[],"version":6}},"uagb_featured_image_src":{"full":false,"thumbnail":false,"medium":false,"medium_large":false,"large":false,"1536x1536":false,"2048x2048":false,"trp-custom-language-flag":false},"uagb_author_info":{"display_name":"admin","author_link":"https:\/\/www.mouranicriminologie.com\/en\/author\/admin\/"},"uagb_comment_info":0,"uagb_excerpt":null,"_links":{"self":[{"href":"https:\/\/www.mouranicriminologie.com\/en\/wp-json\/wp\/v2\/pages\/4690","targetHints":{"allow":["GET"]}}],"collection":[{"href":"https:\/\/www.mouranicriminologie.com\/en\/wp-json\/wp\/v2\/pages"}],"about":[{"href":"https:\/\/www.mouranicriminologie.com\/en\/wp-json\/wp\/v2\/types\/page"}],"author":[{"embeddable":true,"href":"https:\/\/www.mouranicriminologie.com\/en\/wp-json\/wp\/v2\/users\/1"}],"replies":[{"embeddable":true,"href":"https:\/\/www.mouranicriminologie.com\/en\/wp-json\/wp\/v2\/comments?post=4690"}],"version-history":[{"count":39,"href":"https:\/\/www.mouranicriminologie.com\/en\/wp-json\/wp\/v2\/pages\/4690\/revisions"}],"predecessor-version":[{"id":4918,"href":"https:\/\/www.mouranicriminologie.com\/en\/wp-json\/wp\/v2\/pages\/4690\/revisions\/4918"}],"wp:attachment":[{"href":"https:\/\/www.mouranicriminologie.com\/en\/wp-json\/wp\/v2\/media?parent=4690"}],"curies":[{"name":"wp","href":"https:\/\/api.w.org\/{rel}","templated":true}]}}